{"id":444,"date":"2025-02-13T00:14:21","date_gmt":"2025-02-12T23:14:21","guid":{"rendered":"http:\/\/dev.lebenshilfe-ohz.de.w01ed883.kasserver.com\/?page_id=444"},"modified":"2025-02-19T17:16:36","modified_gmt":"2025-02-19T16:16:36","slug":"kindertagesstaetten","status":"publish","type":"page","link":"https:\/\/www.lebenshilfe-ohz.de\/leicht\/kindertagesstaetten\/","title":{"rendered":"Kindertagesst\u00e4tten"},"content":{"rendered":"<section class=\"l-section wpb_row us_custom_3188818e hide_on_default hide_on_laptops height_auto\"><div class=\"l-section-h i-cf\"><div class=\"g-cols vc_row via_flex valign_top type_default stacking_default\"><div class=\"vc_col-sm-12 wpb_column vc_column_container\"><div class=\"vc_column-inner\"><div class=\"wpb_wrapper\"><div class=\"lbh-lang-switch\"><div class=\"field-wrap\" data-href=\"https:\/\/www.lebenshilfe-ohz.de\/wp-json\/wp\/v2\/pages\/444\/\"><label for=\"lang_leicht\"><i class=\"icon icon-einfache-sprache\"><\/i>Leichte Sprache<\/label><input type=\"checkbox\" id=\"lang_leicht\" name=\"lang_leicht\" checked\/><\/div><\/div><\/div><\/div><\/div><\/div><\/div><\/section><section class=\"l-section wpb_row us_custom_19737bc8 height_custom\"><div class=\"l-section-h i-cf\"><div class=\"g-cols vc_row via_flex valign_top type_default stacking_default\"><div class=\"vc_col-sm-12 wpb_column vc_column_container\"><div class=\"vc_column-inner\"><div class=\"wpb_wrapper\"><div class=\"w-hwrapper valign_middle wrap lbh-breadcrumb align_none\" style=\"--hwrapper-gap:1.2rem\"><div class=\"wpb_text_column\"><div class=\"wpb_wrapper\"><p><strong>Kindertagesst\u00e4tten<\/strong><\/p>\n<\/div><\/div><div class=\"wpb_text_column\"><div class=\"wpb_wrapper\"><p><a href=\"#standort-axstedt\">Axstedt<\/a> | <a href=\"#standort-holste\">Holste<\/a> | <a href=\"#standort-lilienthal\">Lilienthal<\/a> | <a href=\"#standort-osterholz-scharmbeck\">Osterholz-Scharmbeck<\/a> | <a href=\"#standort-ritterhude\">Ritterhude<\/a><\/p>\n<\/div><\/div><\/div><\/div><\/div><\/div><\/div><\/div><\/section><section class=\"l-section wpb_row height_custom\"><div class=\"l-section-h i-cf\"><div class=\"g-cols vc_row via_flex valign_top type_default stacking_default\"><div class=\"vc_col-sm-12 wpb_column vc_column_container\"><div class=\"vc_column-inner\"><div class=\"wpb_wrapper\"><div class=\"lbh-heading\"><h1><span class=\"title\">Unsere Kindertagesst\u00e4tten<\/span><span class=\"subtitle\">Wohnortsnah. Qualifiziert. F\u00fcrsorglich.<\/span><\/h1><\/div><div class=\"wpb_text_column us_custom_0899b7cd\"><div class=\"wpb_wrapper\"><p>Kinder sind unsere Zukunft \u2013 und wir wollen sie beim Start in ein erfolgreiches Leben begleiten. Im gesamten Landkreis Osterholz, idealerweise mit kurzen Wegen. Deshalb bieten wir Betreuungsprogramme in insgesamt 10 Einrichtungen an f\u00fcnf Standorten an. Unter der Leitung von qualifizierten, p\u00e4dagogischen Fachkr\u00e4ften und im engen Austausch mit den Eltern. F\u00fcr ein f\u00fcrsorgliches Umfeld, in dem Kinder in ihrem Tempo heranwachsen k\u00f6nnen.<\/p>\n<\/div><\/div><\/div><\/div><\/div><\/div><\/div><\/section><section class=\"l-section wpb_row height_custom\"><div class=\"l-section-h i-cf\"><div class=\"g-cols vc_row via_flex valign_top type_default stacking_default\"><div class=\"vc_col-sm-12 wpb_column vc_column_container\"><div class=\"vc_column-inner\"><div class=\"wpb_wrapper\"><div class=\"lbh-daycare-list\"><div class=\"daycare-filter\"><div class=\"location-filter\"><fieldset><legend class=\"filter-heading\">Ich suche eine Kindertagesst\u00e4tte in:<\/legend><div class=\"options-wrap\"><div class=\"field-wrap\"><input type=\"checkbox\" id=\"all_locations\" value=\"all_locations\" name=\"daycare_locations[]\" checked><label for=\"all_locations\">Alle Ortsteile<\/label><\/div><div class=\"field-wrap\"><input type=\"checkbox\" id=\"axstedt\" value=\"axstedt\" name=\"daycare_locations[]\"><label for=\"axstedt\">Axstedt<\/label><\/div><div class=\"field-wrap\"><input type=\"checkbox\" id=\"holste\" value=\"holste\" name=\"daycare_locations[]\"><label for=\"holste\">Holste<\/label><\/div><div class=\"field-wrap\"><input type=\"checkbox\" id=\"lilienthal\" value=\"lilienthal\" name=\"daycare_locations[]\"><label for=\"lilienthal\">Lilienthal<\/label><\/div><div class=\"field-wrap\"><input type=\"checkbox\" id=\"osterholz-scharmbeck\" value=\"osterholz-scharmbeck\" name=\"daycare_locations[]\"><label for=\"osterholz-scharmbeck\">Osterholz-Scharmbeck<\/label><\/div><div class=\"field-wrap\"><input type=\"checkbox\" id=\"ritterhude\" value=\"ritterhude\" name=\"daycare_locations[]\"><label for=\"ritterhude\">Ritterhude<\/label><\/div><\/div><\/fieldset><\/div><\/div><ul class=\"lbh-daycare-locations\"><li class=\"daycare-location\" id=\"standort-axstedt\"><h2>Axstedt<\/h2><div class=\"w-tabs style_default switch_click has_scrolling accordion initialized\" style=\"--sections-title-size:inherit\"><div class=\"w-tabs-sections titles-align_none icon_chevron cpos_right\"><div class=\"w-tabs-section\" id=\"439\"><button class=\"w-tabs-section-header\" aria-controls=\"content-439\" aria-expanded=\"false\"><div class=\"w-tabs-section-title\"><h3>Kindertagesst\u00e4tte Axstedt: Standort Axstedt<\/h3><\/div><div class=\"w-tabs-section-control\"><\/div><\/button><div class=\"w-tabs-section-content\" id=\"content-439\" style=\"display: none;\"><div class=\"w-tabs-section-content-h i-cf\"><section class=\"l-section wpb_row height_auto width_full\"><div class=\"l-section-h i-cf\"><div class=\"g-cols vc_row via_flex valign_top type_default stacking_default\"><div class=\"vc_col-sm-12 wpb_column vc_column_container\"><div class=\"vc_column-inner\"><div class=\"wpb_wrapper\"><div class=\"w-image us_custom_213e151c has_ratio align_none\"><div class=\"w-image-h\"><div style=\"padding-bottom:50%\"><\/div><img decoding=\"async\" width=\"1024\" height=\"513\" src=\"https:\/\/www.lebenshilfe-ohz.de\/wp-content\/uploads\/2025\/02\/Axstedt-1024x513.jpg\" class=\"attachment-large size-large\" alt=\"Au\u00dfenansicht Kindertagesst\u00e4tte Axstedt-Steden\" loading=\"lazy\" \/><\/div><\/div><\/div><\/div><\/div><\/div><\/div><\/section><section class=\"l-section wpb_row height_custom width_full\"><div class=\"l-section-h i-cf\"><div class=\"g-cols vc_row via_flex valign_top type_default stacking_default\"><div class=\"vc_col-sm-12 wpb_column vc_column_container\"><div class=\"vc_column-inner\"><div class=\"wpb_wrapper\"><div class=\"wpb_text_column\"><div class=\"wpb_wrapper\"><h4>Betreuungszeiten:<\/h4>\n<\/div><\/div><div class=\"g-cols wpb_row via_flex valign_top type_default stacking_default\"><div class=\"vc_col-sm-6 wpb_column vc_column_container\"><div class=\"vc_column-inner\"><div class=\"wpb_wrapper\"><div class=\"wpb_text_column\"><div class=\"wpb_wrapper\"><p><strong>Fr\u00fchdienst:<\/strong> 7:30 bis 8:00 Uhr<\/p>\n<p><strong>Regelbetreuung:<\/strong> 8:00 bis 13:00 Uhr<\/p>\n<p><strong>Sp\u00e4tdienst:<\/strong> 13:00 bis 14:00 Uhr<\/p>\n<\/div><\/div><\/div><\/div><\/div><div class=\"vc_col-sm-6 wpb_column vc_column_container\"><div class=\"vc_column-inner\"><div class=\"wpb_wrapper\"><div class=\"wpb_text_column us_custom_9de87d4e\"><div class=\"wpb_wrapper\"><p>Bei freien Pl\u00e4tzen k\u00f6nnen der Fr\u00fch- bzw. Sp\u00e4tdienst in Anspruch genommen werden. Die Pl\u00e4tze werden bedarfsorientiert vergeben. Siehe Downloads.<br \/>\nIn den Sommerferien ist die Kindertagesst\u00e4tte drei Wochen geschlossen, ebenso in der Woche zwischen Weihnachten und Neujahr, sowie f\u00fcr bis zu 5 Studientage innerhalb des Kita-Jahres.<\/p>\n<\/div><\/div><\/div><\/div><\/div><\/div><div class=\"w-separator size_custom with_line width_default thick_2 style_solid color_border align_center\" style=\"height:64px\"><div class=\"w-separator-h\"><\/div><\/div><\/div><\/div><\/div><\/div><\/div><\/section><section class=\"l-section wpb_row daycare-contact height_auto width_full\"><div class=\"l-section-h i-cf\"><div class=\"g-cols vc_row via_flex valign_top type_default stacking_default\"><div class=\"vc_col-sm-12 vc_col-lg-4 wpb_column vc_column_container\"><div class=\"vc_column-inner\"><div class=\"wpb_wrapper\"><div class=\"wpb_text_column\"><div class=\"wpb_wrapper\"><h4>Ansprechpartnerin<\/h4>\n<\/div><\/div><div class=\"lbh-contact\"><div class=\"contact-wrap\"><div class=\"image-wrap\"><img loading=\"lazy\" decoding=\"async\" width=\"150\" height=\"150\" src=\"https:\/\/www.lebenshilfe-ohz.de\/wp-content\/uploads\/2025\/02\/Kitaleitung-Axstedt-Nathalie-Hetmanek-e1754907373350-150x150.jpg\" class=\"attachment-thumbnail size-thumbnail\" alt=\"Portrait Nathalie Hetmanek\" \/><\/div><div class=\"contact-info\"><div class=\"position\">Einrichtungsleitung<\/div><div class=\"title\">Nathalie Hetmanek<\/div><div class=\"phone\"><i class=\"fas fa-phone-alt\"><\/i><a href=\"tel:0 47 48 \/ 47 19 990\"><span>0 47 48 \/ 47 19 990<\/span><\/a><\/div><div class=\"email\"><i class=\"fas fa-envelope\"><\/i><a href=\"mailto:kita.axstedt-steden@lebenshilfe-ohz.de\"><span>kita.axstedt-steden@lebenshilfe-ohz.de<\/span><\/a><\/div><\/div><\/div><\/div><\/div><\/div><\/div><div class=\"vc_col-sm-12 vc_col-lg-4 wpb_column vc_column_container\"><div class=\"vc_column-inner\"><div class=\"wpb_wrapper\"><div class=\"wpb_text_column\"><div class=\"wpb_wrapper\"><h4>Adresse<\/h4>\n<\/div><\/div><div class=\"wpb_text_column\"><div class=\"wpb_wrapper\"><p>Lebenshilfe Osterholz gGmbH<br \/>\nKindertagesst\u00e4tte Axstedt<br \/>\nSchulstra\u00dfe 23<br \/>\n27729 Axstedt<\/p>\n<\/div><\/div><\/div><\/div><\/div><div class=\"vc_col-sm-12 vc_col-lg-4 wpb_column vc_column_container\"><div class=\"vc_column-inner\"><div class=\"wpb_wrapper\"><div class=\"wpb_text_column\"><div class=\"wpb_wrapper\"><h4>Downloads<\/h4>\n<\/div><\/div><div class=\"lbh_downloads list\"><ul class=\"item-list\"><li class=\"list-item\"><i class=\"icon icon-pdf-file\"><\/i><a class=\"anchor\" href=\"https:\/\/www.lebenshilfe-ohz.de\/wp-content\/uploads\/2025\/07\/Teil-B-Steden-Stand-Oktober-2025.pdf\" aria-label=\"Download Einrichtungskozept Axstedt-Steden\" target=\"_blank\"><span class=\"label\">Einrichtungskozept Axstedt-Steden<\/span><\/a><\/li><\/ul><\/div><\/div><\/div><\/div><\/div><\/div><\/section><\/div><\/div><\/div><\/div><\/div><\/li><li class=\"daycare-location\" id=\"standort-holste\"><h2>Holste<\/h2><div class=\"w-tabs style_default switch_click has_scrolling accordion initialized\" style=\"--sections-title-size:inherit\"><div class=\"w-tabs-sections titles-align_none icon_chevron cpos_right\"><div class=\"w-tabs-section\" id=\"442\"><button class=\"w-tabs-section-header\" aria-controls=\"content-442\" aria-expanded=\"false\"><div class=\"w-tabs-section-title\"><h3>Kindertagesst\u00e4tte Steden: Standort Holste<\/h3><\/div><div class=\"w-tabs-section-control\"><\/div><\/button><div class=\"w-tabs-section-content\" id=\"content-442\" style=\"display: none;\"><div class=\"w-tabs-section-content-h i-cf\"><section class=\"l-section wpb_row height_auto width_full\"><div class=\"l-section-h i-cf\"><div class=\"g-cols vc_row via_flex valign_top type_default stacking_default\"><div class=\"vc_col-sm-12 wpb_column vc_column_container\"><div class=\"vc_column-inner\"><div class=\"wpb_wrapper\"><div class=\"w-image us_custom_213e151c has_ratio align_none\"><div class=\"w-image-h\"><div style=\"padding-bottom:50%\"><\/div><img decoding=\"async\" width=\"1024\" height=\"512\" src=\"https:\/\/www.lebenshilfe-ohz.de\/wp-content\/uploads\/2025\/02\/Holste-1024x512.jpg\" class=\"attachment-large size-large\" alt=\"Au\u00dfenansicht der Kindertagesst\u00e4tte Axstedt-Steden in Holste\" loading=\"lazy\" \/><\/div><\/div><\/div><\/div><\/div><\/div><\/div><\/section><section class=\"l-section wpb_row height_custom width_full\"><div class=\"l-section-h i-cf\"><div class=\"g-cols vc_row via_flex valign_top type_default stacking_default\"><div class=\"vc_col-sm-12 wpb_column vc_column_container\"><div class=\"vc_column-inner\"><div class=\"wpb_wrapper\"><div class=\"wpb_text_column\"><div class=\"wpb_wrapper\"><h4>Betreuungszeiten:<\/h4>\n<\/div><\/div><div class=\"g-cols wpb_row via_flex valign_top type_default stacking_default\"><div class=\"vc_col-sm-6 wpb_column vc_column_container\"><div class=\"vc_column-inner\"><div class=\"wpb_wrapper\"><div class=\"wpb_text_column\"><div class=\"wpb_wrapper\"><p><strong>Fr\u00fchdienst:<\/strong> 7:30 bis 8:00 Uhr<\/p>\n<p><strong>Regelbetreuung:<\/strong> 8:00 bis 13:00 Uhr<\/p>\n<p><strong>Sp\u00e4tdienst:<\/strong> 13:00 bis 14:00 Uhr<\/p>\n<\/div><\/div><\/div><\/div><\/div><div class=\"vc_col-sm-6 wpb_column vc_column_container\"><div class=\"vc_column-inner\"><div class=\"wpb_wrapper\"><div class=\"wpb_text_column us_custom_9de87d4e\"><div class=\"wpb_wrapper\"><p>Bei freien Pl\u00e4tzen k\u00f6nnen der Fr\u00fch- bzw. Sp\u00e4tdienst in Anspruch genommen werden. Die Pl\u00e4tze werden bedarfsorientiert vergeben. Siehe Downloads.<br \/>\nIn den Sommerferien ist die Kindertagesst\u00e4tte drei Wochen geschlossen, ebenso in der Woche zwischen Weihnachten und Neujahr, sowie f\u00fcr bis zu 5 Studientage innerhalb des Kita-Jahres.<\/p>\n<\/div><\/div><\/div><\/div><\/div><\/div><div class=\"w-separator size_custom with_line width_default thick_2 style_solid color_border align_center\" style=\"height:64px\"><div class=\"w-separator-h\"><\/div><\/div><\/div><\/div><\/div><\/div><\/div><\/section><section class=\"l-section wpb_row daycare-contact height_auto width_full\"><div class=\"l-section-h i-cf\"><div class=\"g-cols vc_row via_flex valign_top type_default stacking_default\"><div class=\"vc_col-sm-12 vc_col-lg-4 wpb_column vc_column_container\"><div class=\"vc_column-inner\"><div class=\"wpb_wrapper\"><div class=\"wpb_text_column\"><div class=\"wpb_wrapper\"><h4>Ansprechpartnerin<\/h4>\n<\/div><\/div><div class=\"lbh-contact\"><div class=\"contact-wrap\"><div class=\"image-wrap\"><img loading=\"lazy\" decoding=\"async\" width=\"150\" height=\"150\" src=\"https:\/\/www.lebenshilfe-ohz.de\/wp-content\/uploads\/2025\/02\/Kitaleitung-Steden-Ramona-Schumacher-150x150.jpg\" class=\"attachment-thumbnail size-thumbnail\" alt=\"Portrait Ramona Schumacher\" \/><\/div><div class=\"contact-info\"><div class=\"position\">Einrichtungsleitung<\/div><div class=\"title\">Ramona Schumacher<\/div><div class=\"phone\"><i class=\"fas fa-phone-alt\"><\/i><a href=\"tel:0 47 48 \/ 47 19 980\"><span>0 47 48 \/ 47 19 980<\/span><\/a><\/div><div class=\"email\"><i class=\"fas fa-envelope\"><\/i><a href=\"mailto:kita.steden@lebenshilfe-ohz.de\"><span>kita.steden@lebenshilfe-ohz.de<\/span><\/a><\/div><\/div><\/div><\/div><\/div><\/div><\/div><div class=\"vc_col-sm-12 vc_col-lg-4 wpb_column vc_column_container\"><div class=\"vc_column-inner\"><div class=\"wpb_wrapper\"><div class=\"wpb_text_column\"><div class=\"wpb_wrapper\"><h4>Adresse<\/h4>\n<\/div><\/div><div class=\"wpb_text_column\"><div class=\"wpb_wrapper\"><p>Lebenshilfe Osterholz gGmbH<br \/>\nKindertagesst\u00e4tte Steden<br \/>\nZum Neuen Moor 6D<br \/>\n27729 Holste<\/p>\n<\/div><\/div><\/div><\/div><\/div><div class=\"vc_col-sm-12 vc_col-lg-4 wpb_column vc_column_container\"><div class=\"vc_column-inner\"><div class=\"wpb_wrapper\"><div class=\"wpb_text_column\"><div class=\"wpb_wrapper\"><h4>Downloads<\/h4>\n<\/div><\/div><div class=\"lbh_downloads list\"><ul class=\"item-list\"><li class=\"list-item\"><i class=\"icon icon-pdf-file\"><\/i><a class=\"anchor\" href=\"https:\/\/www.lebenshilfe-ohz.de\/wp-content\/uploads\/2025\/07\/Teil-B-Steden-Stand-Oktober-2025.pdf\" aria-label=\"Download Einrichtungskozept Axstedt-Steden\" target=\"_blank\"><span class=\"label\">Einrichtungskozept Axstedt-Steden<\/span><\/a><\/li><\/ul><\/div><\/div><\/div><\/div><\/div><\/div><\/section><\/div><\/div><\/div><\/div><\/div><\/li><li class=\"daycare-location\" id=\"standort-lilienthal\"><h2>Lilienthal<\/h2><div class=\"w-tabs style_default switch_click has_scrolling accordion initialized\" style=\"--sections-title-size:inherit\"><div class=\"w-tabs-sections titles-align_none icon_chevron cpos_right\"><div class=\"w-tabs-section\" id=\"411\"><button class=\"w-tabs-section-header\" aria-controls=\"content-411\" aria-expanded=\"false\"><div class=\"w-tabs-section-title\"><h3>Kindertagesst\u00e4tte Schatzkiste<\/h3><\/div><div class=\"w-tabs-section-control\"><\/div><\/button><div class=\"w-tabs-section-content\" id=\"content-411\" style=\"display: none;\"><div class=\"w-tabs-section-content-h i-cf\"><section class=\"l-section wpb_row height_auto width_full\"><div class=\"l-section-h i-cf\"><div class=\"g-cols vc_row via_flex valign_top type_default stacking_default\"><div class=\"vc_col-sm-12 wpb_column vc_column_container\"><div class=\"vc_column-inner\"><div class=\"wpb_wrapper\"><div class=\"w-image us_custom_213e151c has_ratio align_none\"><div class=\"w-image-h\"><div style=\"padding-bottom:50%\"><\/div><img decoding=\"async\" width=\"1024\" height=\"512\" src=\"https:\/\/www.lebenshilfe-ohz.de\/wp-content\/uploads\/2025\/02\/Schatzkiste-1024x512.jpg\" class=\"attachment-large size-large\" alt=\"Au\u00dfenansicht der Kindertagesst\u00e4tte Schoofmoor\" loading=\"lazy\" \/><\/div><\/div><\/div><\/div><\/div><\/div><\/div><\/section><section class=\"l-section wpb_row us_custom_19737bc8 height_custom width_full\"><div class=\"l-section-h i-cf\"><div class=\"g-cols vc_row via_flex valign_top type_default stacking_default\"><div class=\"vc_col-sm-12 wpb_column vc_column_container\"><div class=\"vc_column-inner\"><div class=\"wpb_wrapper\"><div class=\"wpb_text_column\"><div class=\"wpb_wrapper\"><h4>Betreuungszeiten:<\/h4>\n<\/div><\/div><div class=\"g-cols wpb_row via_flex valign_top type_default stacking_default\"><div class=\"vc_col-sm-6 wpb_column vc_column_container\"><div class=\"vc_column-inner\"><div class=\"wpb_wrapper\"><div class=\"wpb_text_column\"><div class=\"wpb_wrapper\"><p><strong>Fr\u00fchdienst:<\/strong> 7:30 bis 8:00 Uhr<\/p>\n<p><strong>Regelbetreuung:<\/strong> 8:00 bis 14:00 Uhr<\/p>\n<\/div><\/div><\/div><\/div><\/div><div class=\"vc_col-sm-6 wpb_column vc_column_container\"><div class=\"vc_column-inner\"><div class=\"wpb_wrapper\"><div class=\"wpb_text_column us_custom_9de87d4e\"><div class=\"wpb_wrapper\"><p>Bei freien Pl\u00e4tzen kann der Fr\u00fchdienst in Anspruch genommen werden. Die Pl\u00e4tze werden bedarfsorientiert vergeben. Siehe Downloads.<br \/>\nIn den Sommerferien ist die Kindertagesst\u00e4tte drei Wochen geschlossen, ebenso in der Woche zwischen Weihnachten und Neujahr, sowie f\u00fcr bis zu 5 Studientage innerhalb des Kita-Jahres.<\/p>\n<\/div><\/div><\/div><\/div><\/div><\/div><div class=\"w-separator size_custom with_line width_default thick_2 style_solid color_border align_center\" style=\"height:64px\"><div class=\"w-separator-h\"><\/div><\/div><\/div><\/div><\/div><\/div><\/div><\/section><section class=\"l-section wpb_row daycare-contact height_auto width_full\"><div class=\"l-section-h i-cf\"><div class=\"g-cols vc_row via_flex valign_top type_default stacking_default\"><div class=\"vc_col-sm-12 vc_col-lg-4 wpb_column vc_column_container\"><div class=\"vc_column-inner\"><div class=\"wpb_wrapper\"><div class=\"wpb_text_column\"><div class=\"wpb_wrapper\"><h4>Ansprechpartnerin<\/h4>\n<\/div><\/div><div class=\"lbh-contact\"><div class=\"contact-wrap\"><div class=\"image-wrap\"><img loading=\"lazy\" decoding=\"async\" width=\"90\" height=\"90\" src=\"https:\/\/www.lebenshilfe-ohz.de\/wp-content\/uploads\/2025\/02\/Kitaleitung-Schatzkiste-Anna-Sievers.jpg\" class=\"attachment-thumbnail size-thumbnail\" alt=\"Portr\u00e4t Anna Sievers\" \/><\/div><div class=\"contact-info\"><div class=\"position\">Einrichtungsleitung<\/div><div class=\"title\">Anna Sievers<\/div><div class=\"phone\"><i class=\"fas fa-phone-alt\"><\/i><a href=\"tel:0 42 98 \/ 92 39 480\"><span>0 42 98 \/ 92 39 480<\/span><\/a><\/div><div class=\"email\"><i class=\"fas fa-envelope\"><\/i><a href=\"mailto:kita.schatzkiste@lebenshilfe-ohz.de\"><span>kita.schatzkiste@lebenshilfe-ohz.de<\/span><\/a><\/div><\/div><\/div><\/div><\/div><\/div><\/div><div class=\"vc_col-sm-12 vc_col-lg-4 wpb_column vc_column_container\"><div class=\"vc_column-inner\"><div class=\"wpb_wrapper\"><div class=\"wpb_text_column\"><div class=\"wpb_wrapper\"><h4>Adresse<\/h4>\n<\/div><\/div><div class=\"wpb_text_column\"><div class=\"wpb_wrapper\"><p>Lebenshilfe Osterholz gGmbH<br \/>\nKindertagesst\u00e4tte Schatzkiste<br \/>\nZum Schoofmoor 9a<br \/>\n28865 Lilienthal<\/p>\n<\/div><\/div><\/div><\/div><\/div><div class=\"vc_col-sm-12 vc_col-lg-4 wpb_column vc_column_container\"><div class=\"vc_column-inner\"><div class=\"wpb_wrapper\"><div class=\"wpb_text_column\"><div class=\"wpb_wrapper\"><h4>Downloads<\/h4>\n<\/div><\/div><div class=\"lbh_downloads list\"><ul class=\"item-list\"><li class=\"list-item\"><i class=\"icon icon-pdf-file\"><\/i><a class=\"anchor\" href=\"https:\/\/www.lebenshilfe-ohz.de\/wp-content\/uploads\/2025\/07\/Teil-B-Schatzkiste-Stand-September-2025.pdf\" aria-label=\"Download Einrichtungskozept Schatzkiste\" target=\"_blank\"><span class=\"label\">Einrichtungskozept Schatzkiste<\/span><\/a><\/li><\/ul><\/div><\/div><\/div><\/div><\/div><\/div><\/section><\/div><\/div><\/div><div class=\"w-tabs-section\" id=\"419\"><button class=\"w-tabs-section-header\" aria-controls=\"content-419\" aria-expanded=\"false\"><div class=\"w-tabs-section-title\"><h3>Kindertagesst\u00e4tte Schoofmoor<\/h3><\/div><div class=\"w-tabs-section-control\"><\/div><\/button><div class=\"w-tabs-section-content\" id=\"content-419\" style=\"display: none;\"><div class=\"w-tabs-section-content-h i-cf\"><section class=\"l-section wpb_row height_auto width_full\"><div class=\"l-section-h i-cf\"><div class=\"g-cols vc_row via_flex valign_top type_default stacking_default\"><div class=\"vc_col-sm-12 wpb_column vc_column_container\"><div class=\"vc_column-inner\"><div class=\"wpb_wrapper\"><div class=\"w-image us_custom_213e151c has_ratio align_none\"><div class=\"w-image-h\"><div style=\"padding-bottom:50%\"><\/div><img decoding=\"async\" width=\"1024\" height=\"512\" src=\"https:\/\/www.lebenshilfe-ohz.de\/wp-content\/uploads\/2025\/02\/schoofmoor-1024x512.jpg\" class=\"attachment-large size-large\" alt=\"Au\u00dfenansicht der Kindertagesst\u00e4tte Sternwarte\" loading=\"lazy\" \/><\/div><\/div><\/div><\/div><\/div><\/div><\/div><\/section><section class=\"l-section wpb_row height_custom width_full\"><div class=\"l-section-h i-cf\"><div class=\"g-cols vc_row via_flex valign_top type_default stacking_default\"><div class=\"vc_col-sm-12 wpb_column vc_column_container\"><div class=\"vc_column-inner\"><div class=\"wpb_wrapper\"><div class=\"wpb_text_column\"><div class=\"wpb_wrapper\"><h4>Betreuungszeiten:<\/h4>\n<\/div><\/div><div class=\"g-cols wpb_row via_flex valign_top type_default stacking_default\"><div class=\"vc_col-sm-6 wpb_column vc_column_container\"><div class=\"vc_column-inner\"><div class=\"wpb_wrapper\"><div class=\"wpb_text_column\"><div class=\"wpb_wrapper\"><p><strong>Fr\u00fchdienst:<\/strong> 7:30 bis 8:00 Uhr<\/p>\n<p><strong>Regelbetreuung:<\/strong> 8:00 bis 14:00 Uhr<\/p>\n<p><strong>Sp\u00e4tdienst:<\/strong> 14:00 bis 15:00 Uhr<\/p>\n<\/div><\/div><\/div><\/div><\/div><div class=\"vc_col-sm-6 wpb_column vc_column_container\"><div class=\"vc_column-inner\"><div class=\"wpb_wrapper\"><div class=\"wpb_text_column\"><div class=\"wpb_wrapper\"><p><strong>Regelbetreuung Hort w\u00e4hrend der Schulzeit:<\/strong> 13:00 bis 17:00 Uhr<\/p>\n<p><strong>Ferienbetreuung Hort nach Anmeldung:<\/strong> 7:30 bis 17:00 Uhr<\/p>\n<\/div><\/div><\/div><\/div><\/div><\/div><div class=\"w-separator size_custom\" style=\"height:32px\" id=\"n3a4\"><style>@media(max-width:600px){ #n3a4{height:20px!important}}<\/style><\/div><div class=\"wpb_text_column us_custom_9de87d4e\"><div class=\"wpb_wrapper\"><p><strong>Bei freien Pl\u00e4tzen k\u00f6nnen der Fr\u00fch- bzw. Sp\u00e4tdienst in Anspruch genommen werden. Die Pl\u00e4tze werden bedarfsorientiert vergeben. Siehe Downloads.<\/strong><br \/>\n<strong>In den Sommerferien ist die Kindertagesst\u00e4tte drei Wochen geschlossen, ebenso in der Woche zwischen Weihnachten und Neujahr, sowie f\u00fcr bis zu 5 Studientage innerhalb des Kita-Jahres.<\/strong><\/p>\n<\/div><\/div><div class=\"w-separator size_custom with_line width_default thick_2 style_solid color_border align_center\" style=\"height:64px\"><div class=\"w-separator-h\"><\/div><\/div><\/div><\/div><\/div><\/div><\/div><\/section><section class=\"l-section wpb_row daycare-contact height_auto width_full\"><div class=\"l-section-h i-cf\"><div class=\"g-cols vc_row via_flex valign_top type_default stacking_default\"><div class=\"vc_col-sm-12 vc_col-lg-4 wpb_column vc_column_container\"><div class=\"vc_column-inner\"><div class=\"wpb_wrapper\"><div class=\"wpb_text_column\"><div class=\"wpb_wrapper\"><h4>Ansprechpartnerin<\/h4>\n<\/div><\/div><div class=\"lbh-contact\"><div class=\"contact-wrap\"><div class=\"image-wrap\"><img loading=\"lazy\" decoding=\"async\" width=\"150\" height=\"150\" src=\"https:\/\/www.lebenshilfe-ohz.de\/wp-content\/uploads\/2025\/02\/Kitaleitung-Schoofmoor-Martina-Lewandowski-1-150x150.jpg\" class=\"attachment-thumbnail size-thumbnail\" alt=\"Portrait Martina Lewandowski\" \/><\/div><div class=\"contact-info\"><div class=\"position\">Einrichtungsleitung<\/div><div class=\"title\">Martina Lewandowski<\/div><div class=\"phone\"><i class=\"fas fa-phone-alt\"><\/i><a href=\"tel:0 42 98 \/ 92 39 470\"><span>0 42 98 \/ 92 39 470<\/span><\/a><\/div><div class=\"email\"><i class=\"fas fa-envelope\"><\/i><a href=\"mailto:kita.schoofmoor@lebenshilfe-ohz.de\"><span>kita.schoofmoor@lebenshilfe-ohz.de<\/span><\/a><\/div><\/div><\/div><\/div><\/div><\/div><\/div><div class=\"vc_col-sm-12 vc_col-lg-4 wpb_column vc_column_container\"><div class=\"vc_column-inner\"><div class=\"wpb_wrapper\"><div class=\"wpb_text_column\"><div class=\"wpb_wrapper\"><h4>Adresse<\/h4>\n<\/div><\/div><div class=\"wpb_text_column\"><div class=\"wpb_wrapper\"><p>Lebenshilfe Osterholz gGmbH<br \/>\nKindertagesst\u00e4tte Schoofmoor<br \/>\nZum Schoofmoor 5<br \/>\n28865 Lilienthal<\/p>\n<\/div><\/div><\/div><\/div><\/div><div class=\"vc_col-sm-12 vc_col-lg-4 wpb_column vc_column_container\"><div class=\"vc_column-inner\"><div class=\"wpb_wrapper\"><div class=\"wpb_text_column\"><div class=\"wpb_wrapper\"><h4>Downloads<\/h4>\n<\/div><\/div><div class=\"lbh_downloads list\"><ul class=\"item-list\"><li class=\"list-item\"><i class=\"icon icon-pdf-file\"><\/i><a class=\"anchor\" href=\"https:\/\/www.lebenshilfe-ohz.de\/wp-content\/uploads\/2025\/07\/Teil-B-Schoofmoor-Stand-August-2025.pdf\" aria-label=\"Download Einrichtungskozept Schoofmoor\" target=\"_blank\"><span class=\"label\">Einrichtungskozept Schoofmoor<\/span><\/a><\/li><\/ul><\/div><\/div><\/div><\/div><\/div><\/div><\/section><\/div><\/div><\/div><div class=\"w-tabs-section\" id=\"416\"><button class=\"w-tabs-section-header\" aria-controls=\"content-416\" aria-expanded=\"false\"><div class=\"w-tabs-section-title\"><h3>Kindertagesst\u00e4tte Sternwarte<\/h3><\/div><div class=\"w-tabs-section-control\"><\/div><\/button><div class=\"w-tabs-section-content\" id=\"content-416\" style=\"display: none;\"><div class=\"w-tabs-section-content-h i-cf\"><section class=\"l-section wpb_row height_auto width_full\"><div class=\"l-section-h i-cf\"><div class=\"g-cols vc_row via_flex valign_top type_default stacking_default\"><div class=\"vc_col-sm-12 wpb_column vc_column_container\"><div class=\"vc_column-inner\"><div class=\"wpb_wrapper\"><div class=\"w-image us_custom_213e151c has_ratio align_none\"><div class=\"w-image-h\"><div style=\"padding-bottom:50%\"><\/div><img decoding=\"async\" width=\"1000\" height=\"500\" src=\"https:\/\/www.lebenshilfe-ohz.de\/wp-content\/uploads\/2025\/02\/Sternwarte.jpg\" class=\"attachment-large size-large\" alt=\"Au\u00dfenansicht der Kindertagesst\u00e4tte Tinzenberg\" loading=\"lazy\" \/><\/div><\/div><\/div><\/div><\/div><\/div><\/div><\/section><section class=\"l-section wpb_row height_custom width_full\"><div class=\"l-section-h i-cf\"><div class=\"g-cols vc_row via_flex valign_top type_default stacking_default\"><div class=\"vc_col-sm-12 wpb_column vc_column_container\"><div class=\"vc_column-inner\"><div class=\"wpb_wrapper\"><div class=\"wpb_text_column\"><div class=\"wpb_wrapper\"><h4>Betreuungszeiten:<\/h4>\n<\/div><\/div><div class=\"g-cols wpb_row via_flex valign_top type_default stacking_default\"><div class=\"vc_col-sm-6 wpb_column vc_column_container\"><div class=\"vc_column-inner\"><div class=\"wpb_wrapper\"><div class=\"wpb_text_column\"><div class=\"wpb_wrapper\"><p><strong>Fr\u00fchdienst:<\/strong> 7:30 bis 8:00 Uhr<\/p>\n<p><strong>Regelbetreuung:<\/strong> 8:00 bis 14:00 Uhr<\/p>\n<p><strong>Sp\u00e4tdienst:<\/strong> 14:00 bis 15:00 Uhr<\/p>\n<\/div><\/div><\/div><\/div><\/div><div class=\"vc_col-sm-6 wpb_column vc_column_container\"><div class=\"vc_column-inner\"><div class=\"wpb_wrapper\"><div class=\"wpb_text_column us_custom_9de87d4e\"><div class=\"wpb_wrapper\"><p>Bei freien Pl\u00e4tzen k\u00f6nnen der Fr\u00fch- bzw. Sp\u00e4tdienst in Anspruch genommen werden. Die Pl\u00e4tze werden bedarfsorientiert vergeben. Siehe Downloads.<br \/>\nIn den Sommerferien ist die Kindertagesst\u00e4tte drei Wochen geschlossen, ebenso in der Woche zwischen Weihnachten und Neujahr, sowie f\u00fcr bis zu 5 Studientage innerhalb des Kita-Jahres.<\/p>\n<\/div><\/div><\/div><\/div><\/div><\/div><div class=\"w-separator size_custom with_line width_default thick_2 style_solid color_border align_center\" style=\"height:64px\"><div class=\"w-separator-h\"><\/div><\/div><\/div><\/div><\/div><\/div><\/div><\/section><section class=\"l-section wpb_row daycare-contact height_auto width_full\"><div class=\"l-section-h i-cf\"><div class=\"g-cols vc_row via_flex valign_top type_default stacking_default\"><div class=\"vc_col-sm-12 vc_col-lg-4 wpb_column vc_column_container\"><div class=\"vc_column-inner\"><div class=\"wpb_wrapper\"><div class=\"wpb_text_column\"><div class=\"wpb_wrapper\"><h4>Ansprechpartnerin<\/h4>\n<\/div><\/div><div class=\"lbh-contact\"><div class=\"contact-wrap\"><div class=\"image-wrap\"><img loading=\"lazy\" decoding=\"async\" width=\"90\" height=\"90\" src=\"https:\/\/www.lebenshilfe-ohz.de\/wp-content\/uploads\/2025\/02\/Kitaleitung-Sternwarte-Jana-Boersch.jpg\" class=\"attachment-thumbnail size-thumbnail\" alt=\"Portr\u00e4t Jana Boersch\" \/><\/div><div class=\"contact-info\"><div class=\"position\">Einrichtungsleitung<\/div><div class=\"title\">Jana B\u00f6rsch<\/div><div class=\"phone\"><i class=\"fas fa-phone-alt\"><\/i><a href=\"tel:0 42\u00a098 \/ 92 39 490\"><span>0 42\u00a098 \/ 92 39 490<\/span><\/a><\/div><div class=\"email\"><i class=\"fas fa-envelope\"><\/i><a href=\"mailto:kita.sternwarte@lebenshilfe-ohz.de\"><span>kita.sternwarte@lebenshilfe-ohz.de<\/span><\/a><\/div><\/div><\/div><\/div><\/div><\/div><\/div><div class=\"vc_col-sm-12 vc_col-lg-4 wpb_column vc_column_container\"><div class=\"vc_column-inner\"><div class=\"wpb_wrapper\"><div class=\"wpb_text_column\"><div class=\"wpb_wrapper\"><h4>Adresse<\/h4>\n<\/div><\/div><div class=\"wpb_text_column\"><div class=\"wpb_wrapper\"><p>Lebenshilfe Osterholz gGmbH<br \/>\nKindertagesst\u00e4tte Sternwarte<br \/>\nZum Schoofmoor 9<br \/>\n28865 Lilienthal<\/p>\n<\/div><\/div><\/div><\/div><\/div><div class=\"vc_col-sm-12 vc_col-lg-4 wpb_column vc_column_container\"><div class=\"vc_column-inner\"><div class=\"wpb_wrapper\"><div class=\"wpb_text_column\"><div class=\"wpb_wrapper\"><h4>Downloads<\/h4>\n<\/div><\/div><div class=\"lbh_downloads list\"><ul class=\"item-list\"><li class=\"list-item\"><i class=\"icon icon-pdf-file\"><\/i><a class=\"anchor\" href=\"https:\/\/www.lebenshilfe-ohz.de\/wp-content\/uploads\/2025\/07\/Teil-B-Sternwarte-Stand-Sept-2025.pdf\" aria-label=\"Download Einrichtungskozept Sternwarte\" target=\"_blank\"><span class=\"label\">Einrichtungskozept Sternwarte<\/span><\/a><\/li><\/ul><\/div><\/div><\/div><\/div><\/div><\/div><\/section><\/div><\/div><\/div><\/div><\/div><\/li><li class=\"daycare-location\" id=\"standort-osterholz-scharmbeck\"><h2>Osterholz-Scharmbeck<\/h2><div class=\"w-tabs style_default switch_click has_scrolling accordion initialized\" style=\"--sections-title-size:inherit\"><div class=\"w-tabs-sections titles-align_none icon_chevron cpos_right\"><div class=\"w-tabs-section\" id=\"422\"><button class=\"w-tabs-section-header\" aria-controls=\"content-422\" aria-expanded=\"false\"><div class=\"w-tabs-section-title\"><h3>Kindertagesst\u00e4tte Astrid-Lindgren<\/h3><\/div><div class=\"w-tabs-section-control\"><\/div><\/button><div class=\"w-tabs-section-content\" id=\"content-422\" style=\"display: none;\"><div class=\"w-tabs-section-content-h i-cf\"><section class=\"l-section wpb_row height_auto width_full\"><div class=\"l-section-h i-cf\"><div class=\"g-cols vc_row via_flex valign_top type_default stacking_default\"><div class=\"vc_col-sm-12 wpb_column vc_column_container\"><div class=\"vc_column-inner\"><div class=\"wpb_wrapper\"><div class=\"w-image us_custom_213e151c has_ratio align_none\"><div class=\"w-image-h\"><div style=\"padding-bottom:50%\"><\/div><img decoding=\"async\" width=\"1024\" height=\"513\" src=\"https:\/\/www.lebenshilfe-ohz.de\/wp-content\/uploads\/2025\/02\/Astrid-Lindgren-1024x513.jpg\" class=\"attachment-large size-large\" alt=\"Au\u00dfenansicht Kindertagesst\u00e4tte Axstedt Steden in Holste\" loading=\"lazy\" \/><\/div><\/div><\/div><\/div><\/div><\/div><\/div><\/section><section class=\"l-section wpb_row height_custom width_full\"><div class=\"l-section-h i-cf\"><div class=\"g-cols vc_row via_flex valign_top type_default stacking_default\"><div class=\"vc_col-sm-12 wpb_column vc_column_container\"><div class=\"vc_column-inner\"><div class=\"wpb_wrapper\"><div class=\"wpb_text_column\"><div class=\"wpb_wrapper\"><h4>Betreuungszeiten:<\/h4>\n<\/div><\/div><div class=\"g-cols wpb_row via_flex valign_top type_default stacking_default\"><div class=\"vc_col-sm-6 wpb_column vc_column_container\"><div class=\"vc_column-inner\"><div class=\"wpb_wrapper\"><div class=\"wpb_text_column\"><div class=\"wpb_wrapper\"><p><strong>Fr\u00fchdienst:<\/strong> 7:30 bis 8:00 Uhr<\/p>\n<p><strong>Regelbetreuung:<\/strong> 8:00 bis 14:00 Uhr<\/p>\n<p><strong>Sp\u00e4tdienst:<\/strong> 14:00 bis 14:30 Uhr<\/p>\n<\/div><\/div><\/div><\/div><\/div><div class=\"vc_col-sm-6 wpb_column vc_column_container\"><div class=\"vc_column-inner\"><div class=\"wpb_wrapper\"><div class=\"wpb_text_column us_custom_9de87d4e\"><div class=\"wpb_wrapper\"><p>Bei freien Pl\u00e4tzen k\u00f6nnen der Fr\u00fch- bzw. Sp\u00e4tdienst in Anspruch genommen werden. Die Pl\u00e4tze werden bedarfsorientiert vergeben. Siehe Downloads.<br \/>\nIn den Sommerferien ist die Kindertagesst\u00e4tte drei Wochen geschlossen, ebenso in der Woche zwischen Weihnachten und Neujahr, sowie f\u00fcr bis zu 5 Studientage innerhalb des Kita-Jahres.<\/p>\n<\/div><\/div><\/div><\/div><\/div><\/div><div class=\"w-separator size_custom with_line width_default thick_2 style_solid color_border align_center\" style=\"height:64px\"><div class=\"w-separator-h\"><\/div><\/div><\/div><\/div><\/div><\/div><\/div><\/section><section class=\"l-section wpb_row daycare-contact height_auto width_full\"><div class=\"l-section-h i-cf\"><div class=\"g-cols vc_row via_flex valign_top type_default stacking_default\"><div class=\"vc_col-sm-12 vc_col-lg-4 wpb_column vc_column_container\"><div class=\"vc_column-inner\"><div class=\"wpb_wrapper\"><div class=\"wpb_text_column\"><div class=\"wpb_wrapper\"><h4>Ansprechpartnerin<\/h4>\n<\/div><\/div><div class=\"lbh-contact\"><div class=\"contact-wrap\"><div class=\"image-wrap\"><img loading=\"lazy\" decoding=\"async\" width=\"90\" height=\"90\" src=\"https:\/\/www.lebenshilfe-ohz.de\/wp-content\/uploads\/2025\/02\/Kitaleitung-Astrid-L.-Sarah-Konoppa.jpg\" class=\"attachment-thumbnail size-thumbnail\" alt=\"Portr\u00e4t Sarah Konoppa\" \/><\/div><div class=\"contact-info\"><div class=\"position\">Einrichtungsleitung<\/div><div class=\"title\">Sarah Konoppa<\/div><div class=\"phone\"><i class=\"fas fa-phone-alt\"><\/i><a href=\"tel:0 47 91 \/\u00a0 82 04 710\"><span>0 47 91 \/\u00a0 82 04 710<\/span><\/a><\/div><div class=\"email\"><i class=\"fas fa-envelope\"><\/i><a href=\"mailto:kita.astrid.lindgren@lebenshilfe-ohz.de\"><span>kita.astrid.lindgren@lebenshilfe-ohz.de<\/span><\/a><\/div><\/div><\/div><\/div><\/div><\/div><\/div><div class=\"vc_col-sm-12 vc_col-lg-4 wpb_column vc_column_container\"><div class=\"vc_column-inner\"><div class=\"wpb_wrapper\"><div class=\"wpb_text_column\"><div class=\"wpb_wrapper\"><h4>Adresse<\/h4>\n<\/div><\/div><div class=\"wpb_text_column\"><div class=\"wpb_wrapper\"><p>Lebenshilfe Osterholz gGmbH<br \/>\nKindertagesst\u00e4tte Astrid-Lindgren<br \/>\nIm Hof 1c<br \/>\n27711 Osterholz-Scharmbeck<\/p>\n<\/div><\/div><\/div><\/div><\/div><div class=\"vc_col-sm-12 vc_col-lg-4 wpb_column vc_column_container\"><div class=\"vc_column-inner\"><div class=\"wpb_wrapper\"><div class=\"wpb_text_column\"><div class=\"wpb_wrapper\"><h4>Downloads<\/h4>\n<\/div><\/div><div class=\"lbh_downloads list\"><ul class=\"item-list\"><li class=\"list-item\"><i class=\"icon icon-pdf-file\"><\/i><a class=\"anchor\" href=\"https:\/\/www.lebenshilfe-ohz.de\/wp-content\/uploads\/2025\/07\/Teil-B-Astrid-Lindgren-Stand-Oktober-2025.pdf\" aria-label=\"Download Einrichtungskozept Astrid-Lindgren\" target=\"_blank\"><span class=\"label\">Einrichtungskozept Astrid-Lindgren<\/span><\/a><\/li><\/ul><\/div><\/div><\/div><\/div><\/div><\/div><\/section><\/div><\/div><\/div><div class=\"w-tabs-section\" id=\"431\"><button class=\"w-tabs-section-header\" aria-controls=\"content-431\" aria-expanded=\"false\"><div class=\"w-tabs-section-title\"><h3>Kindertagesst\u00e4tte Komponistenviertel<\/h3><\/div><div class=\"w-tabs-section-control\"><\/div><\/button><div class=\"w-tabs-section-content\" id=\"content-431\" style=\"display: none;\"><div class=\"w-tabs-section-content-h i-cf\"><section class=\"l-section wpb_row height_auto width_full\"><div class=\"l-section-h i-cf\"><div class=\"g-cols vc_row via_flex valign_top type_default stacking_default\"><div class=\"vc_col-sm-12 wpb_column vc_column_container\"><div class=\"vc_column-inner\"><div class=\"wpb_wrapper\"><div class=\"w-image us_custom_213e151c has_ratio align_none\"><div class=\"w-image-h\"><div style=\"padding-bottom:50%\"><\/div><img decoding=\"async\" width=\"1024\" height=\"512\" src=\"https:\/\/www.lebenshilfe-ohz.de\/wp-content\/uploads\/2025\/02\/Kompo-1024x512.jpg\" class=\"attachment-large size-large\" alt=\"Au\u00dfenansicht der Kindertagesst\u00e4tte Lehmbarg\" loading=\"lazy\" \/><\/div><\/div><\/div><\/div><\/div><\/div><\/div><\/section><section class=\"l-section wpb_row height_custom width_full\"><div class=\"l-section-h i-cf\"><div class=\"g-cols vc_row via_flex valign_top type_default stacking_default\"><div class=\"vc_col-sm-12 wpb_column vc_column_container\"><div class=\"vc_column-inner\"><div class=\"wpb_wrapper\"><div class=\"wpb_text_column\"><div class=\"wpb_wrapper\"><h4>Betreuungszeiten:<\/h4>\n<\/div><\/div><div class=\"g-cols wpb_row via_flex valign_top type_default stacking_default\"><div class=\"vc_col-sm-6 wpb_column vc_column_container\"><div class=\"vc_column-inner\"><div class=\"wpb_wrapper\"><div class=\"wpb_text_column\"><div class=\"wpb_wrapper\"><p><strong>Fr\u00fchdienst:<\/strong> 7:30 bis 8:00 Uhr<\/p>\n<p><strong>Regelbetreuung:<\/strong> 8:00 bis 14:00 Uhr<\/p>\n<p><strong>Sp\u00e4tdienst:<\/strong> 14:00 bis 15:00 Uhr<\/p>\n<\/div><\/div><\/div><\/div><\/div><div class=\"vc_col-sm-6 wpb_column vc_column_container\"><div class=\"vc_column-inner\"><div class=\"wpb_wrapper\"><div class=\"wpb_text_column us_custom_9de87d4e\"><div class=\"wpb_wrapper\"><p>Bei freien Pl\u00e4tzen k\u00f6nnen der Fr\u00fch- bzw. Sp\u00e4tdienst in Anspruch genommen werden. Die Pl\u00e4tze werden bedarfsorientiert vergeben. Siehe Downloads.<br \/>\nIn den Sommerferien ist die Kindertagesst\u00e4tte drei Wochen geschlossen, ebenso in der Woche zwischen Weihnachten und Neujahr, sowie f\u00fcr bis zu 4 Studientage innerhalb des Kita-Jahres.<\/p>\n<\/div><\/div><\/div><\/div><\/div><\/div><div class=\"w-separator size_custom with_line width_default thick_2 style_solid color_border align_center\" style=\"height:64px\"><div class=\"w-separator-h\"><\/div><\/div><\/div><\/div><\/div><\/div><\/div><\/section><section class=\"l-section wpb_row daycare-contact height_auto width_full\"><div class=\"l-section-h i-cf\"><div class=\"g-cols vc_row via_flex valign_top type_default stacking_default\"><div class=\"vc_col-sm-12 vc_col-lg-4 wpb_column vc_column_container\"><div class=\"vc_column-inner\"><div class=\"wpb_wrapper\"><div class=\"wpb_text_column\"><div class=\"wpb_wrapper\"><h4>Ansprechpartnerin<\/h4>\n<\/div><\/div><div class=\"lbh-contact\"><div class=\"contact-wrap\"><div class=\"image-wrap\"><img loading=\"lazy\" decoding=\"async\" width=\"90\" height=\"90\" src=\"https:\/\/www.lebenshilfe-ohz.de\/wp-content\/uploads\/2025\/02\/Kitaleitung-Komponisten.-Jenny-Boettjer.jpg\" class=\"attachment-thumbnail size-thumbnail\" alt=\"Portr\u00e4t Jenny B\u00f6ttjer\" \/><\/div><div class=\"contact-info\"><div class=\"position\">Einrichtungsleitung<\/div><div class=\"title\">Jennifer B\u00f6ttjer<\/div><div class=\"phone\"><i class=\"fas fa-phone-alt\"><\/i><a href=\"tel:0 47 91 \/ 82 04 730\"><span>0 47 91 \/ 82 04 730<\/span><\/a><\/div><div class=\"email\"><i class=\"fas fa-envelope\"><\/i><a href=\"mailto:kita.komponistenviertel@lebenshilfe-ohz.de\"><span>kita.komponistenviertel@lebenshilfe-ohz.de<\/span><\/a><\/div><\/div><\/div><\/div><\/div><\/div><\/div><div class=\"vc_col-sm-12 vc_col-lg-4 wpb_column vc_column_container\"><div class=\"vc_column-inner\"><div class=\"wpb_wrapper\"><div class=\"wpb_text_column\"><div class=\"wpb_wrapper\"><h4>Adresse<\/h4>\n<\/div><\/div><div class=\"wpb_text_column\"><div class=\"wpb_wrapper\"><p>Lebenshilfe Osterholz gGmbH<br \/>\nKindertagesst\u00e4tte Komponistenviertel<br \/>\nMozartstra\u00dfe 51<br \/>\n27711 Osterholz-Scharmbeck<\/p>\n<\/div><\/div><\/div><\/div><\/div><div class=\"vc_col-sm-12 vc_col-lg-4 wpb_column vc_column_container\"><div class=\"vc_column-inner\"><div class=\"wpb_wrapper\"><div class=\"wpb_text_column\"><div class=\"wpb_wrapper\"><h4>Downloads<\/h4>\n<\/div><\/div><div class=\"lbh_downloads list\"><ul class=\"item-list\"><li class=\"list-item\"><i class=\"icon icon-pdf-file\"><\/i><a class=\"anchor\" href=\"https:\/\/www.lebenshilfe-ohz.de\/wp-content\/uploads\/2025\/07\/Teil-B-Komponistenviertel-Stand-August-2025.pdf\" aria-label=\"Download Einrichtungskozept Komponistenviertel\" target=\"_blank\"><span class=\"label\">Einrichtungskozept Komponistenviertel<\/span><\/a><\/li><\/ul><\/div><\/div><\/div><\/div><\/div><\/div><\/section><\/div><\/div><\/div><div class=\"w-tabs-section\" id=\"425\"><button class=\"w-tabs-section-header\" aria-controls=\"content-425\" aria-expanded=\"false\"><div class=\"w-tabs-section-title\"><h3>Kindertagesst\u00e4tte Moorblick<\/h3><\/div><div class=\"w-tabs-section-control\"><\/div><\/button><div class=\"w-tabs-section-content\" id=\"content-425\" style=\"display: none;\"><div class=\"w-tabs-section-content-h i-cf\"><section class=\"l-section wpb_row height_auto width_full\"><div class=\"l-section-h i-cf\"><div class=\"g-cols vc_row via_flex valign_top type_default stacking_default\"><div class=\"vc_col-sm-12 wpb_column vc_column_container\"><div class=\"vc_column-inner\"><div class=\"wpb_wrapper\"><div class=\"w-image us_custom_213e151c has_ratio align_none\"><div class=\"w-image-h\"><div style=\"padding-bottom:50%\"><\/div><img decoding=\"async\" width=\"1024\" height=\"512\" src=\"https:\/\/www.lebenshilfe-ohz.de\/wp-content\/uploads\/2025\/02\/Moorblick-1024x512.jpg\" class=\"attachment-large size-large\" alt=\"Au\u00dfenansicht der Kindertagesst\u00e4tte Schatzkiste\" loading=\"lazy\" \/><\/div><\/div><\/div><\/div><\/div><\/div><\/div><\/section><section class=\"l-section wpb_row height_custom width_full\"><div class=\"l-section-h i-cf\"><div class=\"g-cols vc_row via_flex valign_top type_default stacking_default\"><div class=\"vc_col-sm-12 wpb_column vc_column_container\"><div class=\"vc_column-inner\"><div class=\"wpb_wrapper\"><div class=\"wpb_text_column\"><div class=\"wpb_wrapper\"><h4>Betreuungszeiten:<\/h4>\n<\/div><\/div><div class=\"g-cols wpb_row via_flex valign_top type_default stacking_default\"><div class=\"vc_col-sm-6 wpb_column vc_column_container\"><div class=\"vc_column-inner\"><div class=\"wpb_wrapper\"><div class=\"wpb_text_column\"><div class=\"wpb_wrapper\"><p><strong>Fr\u00fchdienst:<\/strong> 7:30 bis 8:00 Uhr<\/p>\n<p><strong>Regelbetreuung Integrationsgruppen:<\/strong> 8:00 bis 14:00 Uhr<\/p>\n<p><strong>Regelbetreuung Krippengruppe:<\/strong> 8:00 bis 14:00 Uhr<\/p>\n<\/div><\/div><\/div><\/div><\/div><div class=\"vc_col-sm-6 wpb_column vc_column_container\"><div class=\"vc_column-inner\"><div class=\"wpb_wrapper\"><div class=\"wpb_text_column\"><div class=\"wpb_wrapper\"><p><strong>Regelbetreuung Ganztagsgruppe:<\/strong> 8:00 bis 16:00 Uhr<\/p>\n<p><strong>Regelbetreuung Ganztagskrippengruppe:<\/strong> 8:00 bis 16:00 Uhr<\/p>\n<\/div><\/div><\/div><\/div><\/div><\/div><div class=\"w-separator size_custom\" style=\"height:32px\" id=\"z9e0\"><style>@media(max-width:600px){ #z9e0{height:20px!important}}<\/style><\/div><div class=\"wpb_text_column us_custom_9de87d4e\"><div class=\"wpb_wrapper\"><p>Bei freien Pl\u00e4tzen kann der Fr\u00fchdienst in Anspruch genommen werden. Die Pl\u00e4tze werden bedarfsorientiert vergeben. Siehe Downloads.<br \/>\nIn den Sommerferien ist die Kindertagesst\u00e4tte drei Wochen geschlossen, ebenso in der Woche zwischen Weihnachten und Neujahr, sowie f\u00fcr bis zu 4 Studientage innerhalb des Kita-Jahres.<\/p>\n<\/div><\/div><div class=\"w-separator size_custom with_line width_default thick_2 style_solid color_border align_center\" style=\"height:64px\"><div class=\"w-separator-h\"><\/div><\/div><\/div><\/div><\/div><\/div><\/div><\/section><section class=\"l-section wpb_row daycare-contact height_auto width_full\"><div class=\"l-section-h i-cf\"><div class=\"g-cols vc_row via_flex valign_top type_default stacking_default\"><div class=\"vc_col-sm-12 vc_col-lg-4 wpb_column vc_column_container\"><div class=\"vc_column-inner\"><div class=\"wpb_wrapper\"><div class=\"wpb_text_column\"><div class=\"wpb_wrapper\"><h4>Ansprechpartnerin<\/h4>\n<\/div><\/div><div class=\"lbh-contact\"><div class=\"contact-wrap\"><div class=\"image-wrap\"><img loading=\"lazy\" decoding=\"async\" width=\"90\" height=\"90\" src=\"https:\/\/www.lebenshilfe-ohz.de\/wp-content\/uploads\/2025\/02\/Kitaleitung-Moorblick-Joana-Brodtmann.jpg\" class=\"attachment-thumbnail size-thumbnail\" alt=\"Portr\u00e4t Joana Brodtmann\" \/><\/div><div class=\"contact-info\"><div class=\"position\">Einrichtungsleitung<\/div><div class=\"title\">Joana Brodtmann<\/div><div class=\"phone\"><i class=\"fas fa-phone-alt\"><\/i><a href=\"tel:0 47 91 \/ 82 04 720\u00a0\"><span>0 47 91 \/ 82 04 720\u00a0<\/span><\/a><\/div><div class=\"email\"><i class=\"fas fa-envelope\"><\/i><a href=\"mailto:kita.moorblick@lebenshilfe-ohz.de\"><span>kita.moorblick@lebenshilfe-ohz.de<\/span><\/a><\/div><\/div><\/div><\/div><\/div><\/div><\/div><div class=\"vc_col-sm-12 vc_col-lg-4 wpb_column vc_column_container\"><div class=\"vc_column-inner\"><div class=\"wpb_wrapper\"><div class=\"wpb_text_column\"><div class=\"wpb_wrapper\"><h4>Adresse<\/h4>\n<\/div><\/div><div class=\"wpb_text_column\"><div class=\"wpb_wrapper\"><p>Lebenshilfe Osterholz gGmbH<br \/>\nKindertagesst\u00e4tte Moorblick<br \/>\nMoorblick 7<br \/>\nOsterholz-Scharmbeck<\/p>\n<\/div><\/div><\/div><\/div><\/div><div class=\"vc_col-sm-12 vc_col-lg-4 wpb_column vc_column_container\"><div class=\"vc_column-inner\"><div class=\"wpb_wrapper\"><div class=\"wpb_text_column\"><div class=\"wpb_wrapper\"><h4>Downloads<\/h4>\n<\/div><\/div><div class=\"lbh_downloads list\"><ul class=\"item-list\"><li class=\"list-item\"><i class=\"icon icon-pdf-file\"><\/i><a class=\"anchor\" href=\"https:\/\/www.lebenshilfe-ohz.de\/wp-content\/uploads\/2025\/07\/Teil-B-Moorblick-Stand-August-2025.pdf\" aria-label=\"Download Einrichtungskozept Moorblick\" target=\"_blank\"><span class=\"label\">Einrichtungskozept Moorblick<\/span><\/a><\/li><\/ul><\/div><\/div><\/div><\/div><\/div><\/div><\/section><\/div><\/div><\/div><div class=\"w-tabs-section\" id=\"428\"><button class=\"w-tabs-section-header\" aria-controls=\"content-428\" aria-expanded=\"false\"><div class=\"w-tabs-section-title\"><h3>Kindertagesst\u00e4tte Tinzenberg<\/h3><\/div><div class=\"w-tabs-section-control\"><\/div><\/button><div class=\"w-tabs-section-content\" id=\"content-428\" style=\"display: none;\"><div class=\"w-tabs-section-content-h i-cf\"><section class=\"l-section wpb_row height_auto width_full\"><div class=\"l-section-h i-cf\"><div class=\"g-cols vc_row via_flex valign_top type_default stacking_default\"><div class=\"vc_col-sm-12 wpb_column vc_column_container\"><div class=\"vc_column-inner\"><div class=\"wpb_wrapper\"><div class=\"w-image us_custom_213e151c has_ratio align_none\"><div class=\"w-image-h\"><div style=\"padding-bottom:50%\"><\/div><img decoding=\"async\" width=\"1024\" height=\"512\" src=\"https:\/\/www.lebenshilfe-ohz.de\/wp-content\/uploads\/2025\/02\/Tinzenberg-1024x512.jpg\" class=\"attachment-large size-large\" alt=\"Au\u00dfenansicht der Kindertagesst\u00e4tte\" loading=\"lazy\" \/><\/div><\/div><\/div><\/div><\/div><\/div><\/div><\/section><section class=\"l-section wpb_row height_custom width_full\"><div class=\"l-section-h i-cf\"><div class=\"g-cols vc_row via_flex valign_top type_default stacking_default\"><div class=\"vc_col-sm-12 wpb_column vc_column_container\"><div class=\"vc_column-inner\"><div class=\"wpb_wrapper\"><div class=\"wpb_text_column\"><div class=\"wpb_wrapper\"><h4>Betreuungszeiten:<\/h4>\n<\/div><\/div><div class=\"g-cols wpb_row via_flex valign_top type_default stacking_default\"><div class=\"vc_col-sm-6 wpb_column vc_column_container\"><div class=\"vc_column-inner\"><div class=\"wpb_wrapper\"><div class=\"wpb_text_column\"><div class=\"wpb_wrapper\"><p><strong>Fr\u00fchdienst:<\/strong> 7:30 bis 8:00 Uhr<\/p>\n<p><strong>Regelbetreuung:<\/strong> 8:00 bis 14:00 Uhr<\/p>\n<p><strong>Sp\u00e4tdienst:<\/strong> 14:00 bis 15:00 Uhr<\/p>\n<\/div><\/div><\/div><\/div><\/div><div class=\"vc_col-sm-6 wpb_column vc_column_container\"><div class=\"vc_column-inner\"><div class=\"wpb_wrapper\"><div class=\"wpb_text_column us_custom_9de87d4e\"><div class=\"wpb_wrapper\"><p>Bei freien Pl\u00e4tzen k\u00f6nnen der Fr\u00fch- bzw. Sp\u00e4tdienst in Anspruch genommen werden. Die Pl\u00e4tze werden bedarfsorientiert vergeben. Siehe Downloads.<br \/>\nIn den Sommerferien ist die Kindertagesst\u00e4tte drei Wochen geschlossen, ebenso in der Woche zwischen Weihnachten und Neujahr, sowie f\u00fcr bis zu 4 Studientage innerhalb des Kita-Jahres.<\/p>\n<\/div><\/div><\/div><\/div><\/div><\/div><div class=\"w-separator size_custom with_line width_default thick_2 style_solid color_border align_center\" style=\"height:64px\"><div class=\"w-separator-h\"><\/div><\/div><\/div><\/div><\/div><\/div><\/div><\/section><section class=\"l-section wpb_row daycare-contact height_auto width_full\"><div class=\"l-section-h i-cf\"><div class=\"g-cols vc_row via_flex valign_top type_default stacking_default\"><div class=\"vc_col-sm-12 vc_col-lg-4 wpb_column vc_column_container\"><div class=\"vc_column-inner\"><div class=\"wpb_wrapper\"><div class=\"wpb_text_column\"><div class=\"wpb_wrapper\"><h4>Ansprechpartnerin<\/h4>\n<\/div><\/div><div class=\"lbh-contact\"><div class=\"contact-wrap\"><div class=\"image-wrap\"><img loading=\"lazy\" decoding=\"async\" width=\"90\" height=\"90\" src=\"https:\/\/www.lebenshilfe-ohz.de\/wp-content\/uploads\/2025\/02\/Kitaleitung-Tinzenberg-Christin-Rohmann.jpg\" class=\"attachment-thumbnail size-thumbnail\" alt=\"Portr\u00e4t Christin Rohmann\" \/><\/div><div class=\"contact-info\"><div class=\"position\">Einrichtungsleitung<\/div><div class=\"title\">Christin Rohmann<\/div><div class=\"phone\"><i class=\"fas fa-phone-alt\"><\/i><a href=\"tel:0 47 91 \/\u00a0\u00a082 04 740\"><span>0 47 91 \/\u00a0\u00a082 04 740<\/span><\/a><\/div><div class=\"email\"><i class=\"fas fa-envelope\"><\/i><a href=\"mailto:kita.tinzenberg@lebenshilfe-ohz.de\"><span>kita.tinzenberg@lebenshilfe-ohz.de<\/span><\/a><\/div><\/div><\/div><\/div><\/div><\/div><\/div><div class=\"vc_col-sm-12 vc_col-lg-4 wpb_column vc_column_container\"><div class=\"vc_column-inner\"><div class=\"wpb_wrapper\"><div class=\"wpb_text_column\"><div class=\"wpb_wrapper\"><h4>Adresse<\/h4>\n<\/div><\/div><div class=\"wpb_text_column\"><div class=\"wpb_wrapper\"><p>Lebenshilfe Osterholz gGmbH<br \/>\nKindertagesst\u00e4tte Tinzenberg<br \/>\nAm Osterholze 8<br \/>\n27711 Osterholz-Scharmbeck<\/p>\n<\/div><\/div><\/div><\/div><\/div><div class=\"vc_col-sm-12 vc_col-lg-4 wpb_column vc_column_container\"><div class=\"vc_column-inner\"><div class=\"wpb_wrapper\"><div class=\"wpb_text_column\"><div class=\"wpb_wrapper\"><h4>Downloads<\/h4>\n<\/div><\/div><div class=\"lbh_downloads list\"><ul class=\"item-list\"><li class=\"list-item\"><i class=\"icon icon-pdf-file\"><\/i><a class=\"anchor\" href=\"https:\/\/www.lebenshilfe-ohz.de\/wp-content\/uploads\/2025\/07\/Teil-B-Tinzenberg-Stand-August-2025.pdf\" aria-label=\"Download Einrichtungskozept Tinzenberg\" target=\"_blank\"><span class=\"label\">Einrichtungskozept Tinzenberg<\/span><\/a><\/li><\/ul><\/div><\/div><\/div><\/div><\/div><\/div><\/section><\/div><\/div><\/div><\/div><\/div><\/li><li class=\"daycare-location\" id=\"standort-ritterhude\"><h2>Ritterhude<\/h2><div class=\"w-tabs style_default switch_click has_scrolling accordion initialized\" style=\"--sections-title-size:inherit\"><div class=\"w-tabs-sections titles-align_none icon_chevron cpos_right\"><div class=\"w-tabs-section\" id=\"434\"><button class=\"w-tabs-section-header\" aria-controls=\"content-434\" aria-expanded=\"false\"><div class=\"w-tabs-section-title\"><h3>Kindertagesst\u00e4tte Lehmbarg<\/h3><\/div><div class=\"w-tabs-section-control\"><\/div><\/button><div class=\"w-tabs-section-content\" id=\"content-434\" style=\"display: none;\"><div class=\"w-tabs-section-content-h i-cf\"><section class=\"l-section wpb_row height_auto width_full\"><div class=\"l-section-h i-cf\"><div class=\"g-cols vc_row via_flex valign_top type_default stacking_default\"><div class=\"vc_col-sm-12 wpb_column vc_column_container\"><div class=\"vc_column-inner\"><div class=\"wpb_wrapper\"><div class=\"w-image us_custom_213e151c has_ratio align_none\"><div class=\"w-image-h\"><div style=\"padding-bottom:50%\"><\/div><img decoding=\"async\" width=\"1024\" height=\"512\" src=\"https:\/\/www.lebenshilfe-ohz.de\/wp-content\/uploads\/2025\/02\/Lehmbarg-1024x512.jpg\" class=\"attachment-large size-large\" alt=\"Au\u00dfenansicht der Kindertagesst\u00e4tte Moorblick\" loading=\"lazy\" \/><\/div><\/div><\/div><\/div><\/div><\/div><\/div><\/section><section class=\"l-section wpb_row height_custom width_full\"><div class=\"l-section-h i-cf\"><div class=\"g-cols vc_row via_flex valign_top type_default stacking_default\"><div class=\"vc_col-sm-12 wpb_column vc_column_container\"><div class=\"vc_column-inner\"><div class=\"wpb_wrapper\"><div class=\"wpb_text_column\"><div class=\"wpb_wrapper\"><h4>Betreuungszeiten:<\/h4>\n<\/div><\/div><div class=\"g-cols wpb_row via_flex valign_top type_default stacking_default\"><div class=\"vc_col-sm-6 wpb_column vc_column_container\"><div class=\"vc_column-inner\"><div class=\"wpb_wrapper\"><div class=\"wpb_text_column\"><div class=\"wpb_wrapper\"><p><strong>Fr\u00fchdienst:<\/strong> 7:30 bis 8:00 Uhr<\/p>\n<p><strong>Sp\u00e4tdienst:<\/strong> 14:00 bis 15:00 Uhr<\/p>\n<\/div><\/div><\/div><\/div><\/div><div class=\"vc_col-sm-6 wpb_column vc_column_container\"><div class=\"vc_column-inner\"><div class=\"wpb_wrapper\"><div class=\"wpb_text_column\"><div class=\"wpb_wrapper\"><p><strong>Regelbetreuung Krippengruppe:<\/strong> 8:00 bis 14:00 Uhr<\/p>\n<p><strong>Regelbetreuung Kindergartengruppe:<\/strong> 8:00 bis 14:00 Uhr<\/p>\n<\/div><\/div><\/div><\/div><\/div><\/div><div class=\"w-separator size_custom\" style=\"height:32px\" id=\"xbd5\"><style>@media(max-width:600px){ #xbd5{height:20px!important}}<\/style><\/div><div class=\"wpb_text_column us_custom_9de87d4e\"><div class=\"wpb_wrapper\"><p>Bei freien Pl\u00e4tzen kann der Fr\u00fch- und Sp\u00e4tdienst in Anspruch genommen werden. Die Pl\u00e4tze werden bedarfsorientiert vergeben. Siehe Downloads.<br \/>\nIn den Sommerferien ist die Kindertagesst\u00e4tte drei Wochen geschlossen, ebenso in der Woche zwischen Weihnachten und Neujahr, sowie f\u00fcr bis zu 5 Studientage innerhalb des Kita-Jahres.<\/p>\n<\/div><\/div><div class=\"w-separator size_custom with_line width_default thick_2 style_solid color_border align_center\" style=\"height:64px\"><div class=\"w-separator-h\"><\/div><\/div><\/div><\/div><\/div><\/div><\/div><\/section><section class=\"l-section wpb_row daycare-contact height_auto width_full\"><div class=\"l-section-h i-cf\"><div class=\"g-cols vc_row via_flex valign_top type_default stacking_default\"><div class=\"vc_col-sm-12 vc_col-lg-4 wpb_column vc_column_container\"><div class=\"vc_column-inner\"><div class=\"wpb_wrapper\"><div class=\"wpb_text_column\"><div class=\"wpb_wrapper\"><h4>Ansprechpartnerin<\/h4>\n<\/div><\/div><div class=\"lbh-contact\"><div class=\"contact-wrap\"><div class=\"image-wrap\"><img loading=\"lazy\" decoding=\"async\" width=\"90\" height=\"90\" src=\"https:\/\/www.lebenshilfe-ohz.de\/wp-content\/uploads\/2025\/02\/Kitaleitung-Lehmbarg-Kristina-Stengel.jpg\" class=\"attachment-thumbnail size-thumbnail\" alt=\"Portr\u00e4t Kristina Siebel\" \/><\/div><div class=\"contact-info\"><div class=\"position\">Einrichtungsleitung<\/div><div class=\"title\">Kristina Siebel<\/div><div class=\"phone\"><i class=\"fas fa-phone-alt\"><\/i><a href=\"tel:0 42 92 \/ 52 39 920\"><span>0 42 92 \/ 52 39 920<\/span><\/a><\/div><div class=\"email\"><i class=\"fas fa-envelope\"><\/i><a href=\"mailto:kita.lehmbarg@lebenshilfe-ohz.de\"><span>kita.lehmbarg@lebenshilfe-ohz.de<\/span><\/a><\/div><\/div><\/div><\/div><\/div><\/div><\/div><div class=\"vc_col-sm-12 vc_col-lg-4 wpb_column vc_column_container\"><div class=\"vc_column-inner\"><div class=\"wpb_wrapper\"><div class=\"wpb_text_column\"><div class=\"wpb_wrapper\"><h4>Adresse<\/h4>\n<\/div><\/div><div class=\"wpb_text_column\"><div class=\"wpb_wrapper\"><p>Lebenshilfe Osterholz gGmbH<br \/>\nKindertagesst\u00e4tte Lehmbarg<br \/>\nLehmbarg 1<br \/>\n27721 Ritterhude<\/p>\n<\/div><\/div><\/div><\/div><\/div><div class=\"vc_col-sm-12 vc_col-lg-4 wpb_column vc_column_container\"><div class=\"vc_column-inner\"><div class=\"wpb_wrapper\"><div class=\"wpb_text_column\"><div class=\"wpb_wrapper\"><h4>Downloads<\/h4>\n<\/div><\/div><div class=\"lbh_downloads list\"><ul class=\"item-list\"><li class=\"list-item\"><i class=\"icon icon-pdf-file\"><\/i><a class=\"anchor\" href=\"https:\/\/www.lebenshilfe-ohz.de\/wp-content\/uploads\/2025\/07\/Teil-B-Lehmbarg-Stand-September-2025.pdf\" aria-label=\"Download Einrichtungskozept Lehmbarg\" target=\"_blank\"><span class=\"label\">Einrichtungskozept Lehmbarg<\/span><\/a><\/li><\/ul><\/div><\/div><\/div><\/div><\/div><\/div><\/section><\/div><\/div><\/div><div class=\"w-tabs-section\" id=\"437\"><button class=\"w-tabs-section-header\" aria-controls=\"content-437\" aria-expanded=\"false\"><div class=\"w-tabs-section-title\"><h3>Mittagsbetreuung Platjenwerbe<\/h3><\/div><div class=\"w-tabs-section-control\"><\/div><\/button><div class=\"w-tabs-section-content\" id=\"content-437\" style=\"display: none;\"><div class=\"w-tabs-section-content-h i-cf\"><section class=\"l-section wpb_row height_auto width_full\"><div class=\"l-section-h i-cf\"><div class=\"g-cols vc_row via_flex valign_top type_default stacking_default\"><div class=\"vc_col-sm-12 wpb_column vc_column_container\"><div class=\"vc_column-inner\"><div class=\"wpb_wrapper\"><div class=\"wpb_text_column\"><div class=\"wpb_wrapper\"><h4>Betreuungszeiten:<\/h4>\n<\/div><\/div><div class=\"g-cols wpb_row via_flex valign_top type_default stacking_default\"><div class=\"vc_col-sm-6 wpb_column vc_column_container\"><div class=\"vc_column-inner\"><div class=\"wpb_wrapper\"><div class=\"wpb_text_column\"><div class=\"wpb_wrapper\"><p><strong>Mittagsbetreuung:<\/strong> 13:00 bis 15:00 Uhr<\/p>\n<p><strong>Ferienbetreuung:<\/strong> 8:00 bis 14:00 Uhr<\/p>\n<\/div><\/div><\/div><\/div><\/div><div class=\"vc_col-sm-6 wpb_column vc_column_container\"><div class=\"vc_column-inner\"><div class=\"wpb_wrapper\"><div class=\"wpb_text_column us_custom_9de87d4e\"><div class=\"wpb_wrapper\"><p>In den Sommerferien ist die Mittagsbetreuung vier Wochen geschlossen, ebenso zwischen Weihnachten und Neujahr sowie in der Woche vor Ostern.<\/p>\n<\/div><\/div><\/div><\/div><\/div><\/div><div class=\"w-separator size_custom with_line width_default thick_2 style_solid color_border align_center\" style=\"height:64px\"><div class=\"w-separator-h\"><\/div><\/div><\/div><\/div><\/div><\/div><\/div><\/section><section class=\"l-section wpb_row daycare-contact height_auto width_full\"><div class=\"l-section-h i-cf\"><div class=\"g-cols vc_row via_flex valign_top type_default stacking_default\"><div class=\"vc_col-sm-12 vc_col-lg-4 wpb_column vc_column_container\"><div class=\"vc_column-inner\"><div class=\"wpb_wrapper\"><div class=\"wpb_text_column\"><div class=\"wpb_wrapper\"><h4>Ansprechpartnerin<\/h4>\n<\/div><\/div><div class=\"lbh-contact\"><div class=\"contact-wrap\"><div class=\"image-wrap\"><img loading=\"lazy\" decoding=\"async\" width=\"90\" height=\"90\" src=\"https:\/\/www.lebenshilfe-ohz.de\/wp-content\/uploads\/2025\/02\/Anja-Glawion_Mittagsbetreuung_Platjenwerbe.jpg\" class=\"attachment-thumbnail size-thumbnail\" alt=\"Portr\u00e4t Anja Glawion\" \/><\/div><div class=\"contact-info\"><div class=\"position\">Einrichtungsleitung<\/div><div class=\"title\">Anja Glawion<\/div><div class=\"phone\"><i class=\"fas fa-phone-alt\"><\/i><a href=\"tel:04 21 \/ 98 99 20 40\"><span>04 21 \/ 98 99 20 40<\/span><\/a><\/div><div class=\"email\"><i class=\"fas fa-envelope\"><\/i><a href=\"mailto:platjenwerbe@lebenshilfe-ohz.de\"><span>platjenwerbe@lebenshilfe-ohz.de<\/span><\/a><\/div><\/div><\/div><\/div><\/div><\/div><\/div><div class=\"vc_col-sm-12 vc_col-lg-4 wpb_column vc_column_container\"><div class=\"vc_column-inner\"><div class=\"wpb_wrapper\"><div class=\"wpb_text_column\"><div class=\"wpb_wrapper\"><h4>Adresse<\/h4>\n<\/div><\/div><div class=\"wpb_text_column\"><div class=\"wpb_wrapper\"><p>Lebenshilfe Osterholz gGmbH<br \/>\nMittagsbetreuung Platjenwerbe<br \/>\nSchulstra\u00dfe 21<br \/>\n27721 Ritterhude<\/p>\n<\/div><\/div><\/div><\/div><\/div><div class=\"vc_col-sm-12 vc_col-lg-4 wpb_column vc_column_container\"><div class=\"vc_column-inner\"><div class=\"wpb_wrapper\"><\/div><\/div><\/div><\/div><\/div><\/section><\/div><\/div><\/div><\/div><\/div><\/li><\/ul><\/div><\/div><\/div><\/div><\/div><\/div><\/section>\n","protected":false},"excerpt":{"rendered":"","protected":false},"author":1,"featured_media":0,"parent":0,"menu_order":0,"comment_status":"closed","ping_status":"closed","template":"","meta":{"_acf_changed":false,"footnotes":""},"categories":[7],"class_list":["post-444","page","type-page","status-publish","hentry","category-daycare"],"acf":[],"yoast_head":"<!-- This site is optimized with the Yoast SEO plugin v27.5 - https:\/\/yoast.com\/product\/yoast-seo-wordpress\/ -->\n<title>Unsere Kitas und Betreuungsangebote | Lebenshilfe Osterholz<\/title>\n<meta name=\"description\" content=\"Auf der Suche nach einer Kita in Osterholz-Scharmbeck, Lilienthal, Ritterhude, Axstedt, Steden? Bei uns gibt es mehr als Betreuung f\u00fcr Dein Kind.\" \/>\n<meta name=\"robots\" content=\"index, follow, max-snippet:-1, max-image-preview:large, max-video-preview:-1\" \/>\n<link rel=\"canonical\" href=\"https:\/\/www.lebenshilfe-ohz.de\/kindertagesstaetten\/\" \/>\n<meta property=\"og:locale\" content=\"de_DE\" \/>\n<meta property=\"og:type\" content=\"article\" \/>\n<meta property=\"og:title\" content=\"Unsere Kitas und Betreuungsangebote | Lebenshilfe Osterholz\" \/>\n<meta property=\"og:description\" content=\"Auf der Suche nach einer Kita in Osterholz-Scharmbeck, Lilienthal, Ritterhude, Axstedt, Steden? Bei uns gibt es mehr als Betreuung f\u00fcr Dein Kind.\" \/>\n<meta property=\"og:url\" content=\"https:\/\/www.lebenshilfe-ohz.de\/kindertagesstaetten\/\" \/>\n<meta property=\"og:site_name\" content=\"Lebenshilfe Osterholz\" \/>\n<meta property=\"article:modified_time\" content=\"2025-02-19T16:16:36+00:00\" \/>\n<meta name=\"twitter:card\" content=\"summary_large_image\" \/>\n<meta name=\"twitter:label1\" content=\"Est. reading time\" \/>\n\t<meta name=\"twitter:data1\" content=\"1 minute\" \/>\n<script type=\"application\/ld+json\" class=\"yoast-schema-graph\">{\"@context\":\"https:\\\/\\\/schema.org\",\"@graph\":[{\"@type\":\"WebPage\",\"@id\":\"https:\\\/\\\/www.lebenshilfe-ohz.de\\\/kindertagesstaetten\\\/\",\"url\":\"https:\\\/\\\/www.lebenshilfe-ohz.de\\\/kindertagesstaetten\\\/\",\"name\":\"Unsere Kitas und Betreuungsangebote | Lebenshilfe Osterholz\",\"isPartOf\":{\"@id\":\"https:\\\/\\\/www.lebenshilfe-ohz.de\\\/#website\"},\"datePublished\":\"2025-02-12T23:14:21+00:00\",\"dateModified\":\"2025-02-19T16:16:36+00:00\",\"description\":\"Auf der Suche nach einer Kita in Osterholz-Scharmbeck, Lilienthal, Ritterhude, Axstedt, Steden? Bei uns gibt es mehr als Betreuung f\u00fcr Dein Kind.\",\"breadcrumb\":{\"@id\":\"https:\\\/\\\/www.lebenshilfe-ohz.de\\\/kindertagesstaetten\\\/#breadcrumb\"},\"inLanguage\":\"de-LS\",\"potentialAction\":[{\"@type\":\"ReadAction\",\"target\":[\"https:\\\/\\\/www.lebenshilfe-ohz.de\\\/kindertagesstaetten\\\/\"]}]},{\"@type\":\"BreadcrumbList\",\"@id\":\"https:\\\/\\\/www.lebenshilfe-ohz.de\\\/kindertagesstaetten\\\/#breadcrumb\",\"itemListElement\":[{\"@type\":\"ListItem\",\"position\":1,\"name\":\"Startseite\",\"item\":\"https:\\\/\\\/www.lebenshilfe-ohz.de\\\/leicht\\\/\"},{\"@type\":\"ListItem\",\"position\":2,\"name\":\"Kindertagesst\u00e4tten\"}]},{\"@type\":\"WebSite\",\"@id\":\"https:\\\/\\\/www.lebenshilfe-ohz.de\\\/#website\",\"url\":\"https:\\\/\\\/www.lebenshilfe-ohz.de\\\/\",\"name\":\"Lebenshilfe Osterholz\",\"description\":\"\",\"potentialAction\":[{\"@type\":\"SearchAction\",\"target\":{\"@type\":\"EntryPoint\",\"urlTemplate\":\"https:\\\/\\\/www.lebenshilfe-ohz.de\\\/?s={search_term_string}\"},\"query-input\":{\"@type\":\"PropertyValueSpecification\",\"valueRequired\":true,\"valueName\":\"search_term_string\"}}],\"inLanguage\":\"de-LS\"}]}<\/script>\n<!-- \/ Yoast SEO plugin. -->","yoast_head_json":{"title":"Unsere Kitas und Betreuungsangebote | Lebenshilfe Osterholz","description":"Auf der Suche nach einer Kita in Osterholz-Scharmbeck, Lilienthal, Ritterhude, Axstedt, Steden? Bei uns gibt es mehr als Betreuung f\u00fcr Dein Kind.","robots":{"index":"index","follow":"follow","max-snippet":"max-snippet:-1","max-image-preview":"max-image-preview:large","max-video-preview":"max-video-preview:-1"},"canonical":"https:\/\/www.lebenshilfe-ohz.de\/kindertagesstaetten\/","og_locale":"de_DE","og_type":"article","og_title":"Unsere Kitas und Betreuungsangebote | Lebenshilfe Osterholz","og_description":"Auf der Suche nach einer Kita in Osterholz-Scharmbeck, Lilienthal, Ritterhude, Axstedt, Steden? Bei uns gibt es mehr als Betreuung f\u00fcr Dein Kind.","og_url":"https:\/\/www.lebenshilfe-ohz.de\/kindertagesstaetten\/","og_site_name":"Lebenshilfe Osterholz","article_modified_time":"2025-02-19T16:16:36+00:00","twitter_card":"summary_large_image","twitter_misc":{"Est. reading time":"1 minute"},"schema":{"@context":"https:\/\/schema.org","@graph":[{"@type":"WebPage","@id":"https:\/\/www.lebenshilfe-ohz.de\/kindertagesstaetten\/","url":"https:\/\/www.lebenshilfe-ohz.de\/kindertagesstaetten\/","name":"Unsere Kitas und Betreuungsangebote | Lebenshilfe Osterholz","isPartOf":{"@id":"https:\/\/www.lebenshilfe-ohz.de\/#website"},"datePublished":"2025-02-12T23:14:21+00:00","dateModified":"2025-02-19T16:16:36+00:00","description":"Auf der Suche nach einer Kita in Osterholz-Scharmbeck, Lilienthal, Ritterhude, Axstedt, Steden? Bei uns gibt es mehr als Betreuung f\u00fcr Dein Kind.","breadcrumb":{"@id":"https:\/\/www.lebenshilfe-ohz.de\/kindertagesstaetten\/#breadcrumb"},"inLanguage":"de-LS","potentialAction":[{"@type":"ReadAction","target":["https:\/\/www.lebenshilfe-ohz.de\/kindertagesstaetten\/"]}]},{"@type":"BreadcrumbList","@id":"https:\/\/www.lebenshilfe-ohz.de\/kindertagesstaetten\/#breadcrumb","itemListElement":[{"@type":"ListItem","position":1,"name":"Startseite","item":"https:\/\/www.lebenshilfe-ohz.de\/leicht\/"},{"@type":"ListItem","position":2,"name":"Kindertagesst\u00e4tten"}]},{"@type":"WebSite","@id":"https:\/\/www.lebenshilfe-ohz.de\/#website","url":"https:\/\/www.lebenshilfe-ohz.de\/","name":"Lebenshilfe Osterholz","description":"","potentialAction":[{"@type":"SearchAction","target":{"@type":"EntryPoint","urlTemplate":"https:\/\/www.lebenshilfe-ohz.de\/?s={search_term_string}"},"query-input":{"@type":"PropertyValueSpecification","valueRequired":true,"valueName":"search_term_string"}}],"inLanguage":"de-LS"}]}},"_links":{"self":[{"href":"https:\/\/www.lebenshilfe-ohz.de\/leicht\/wp-json\/wp\/v2\/pages\/444","targetHints":{"allow":["GET"]}}],"collection":[{"href":"https:\/\/www.lebenshilfe-ohz.de\/leicht\/wp-json\/wp\/v2\/pages"}],"about":[{"href":"https:\/\/www.lebenshilfe-ohz.de\/leicht\/wp-json\/wp\/v2\/types\/page"}],"author":[{"embeddable":true,"href":"https:\/\/www.lebenshilfe-ohz.de\/leicht\/wp-json\/wp\/v2\/users\/1"}],"replies":[{"embeddable":true,"href":"https:\/\/www.lebenshilfe-ohz.de\/leicht\/wp-json\/wp\/v2\/comments?post=444"}],"version-history":[{"count":12,"href":"https:\/\/www.lebenshilfe-ohz.de\/leicht\/wp-json\/wp\/v2\/pages\/444\/revisions"}],"predecessor-version":[{"id":1120,"href":"https:\/\/www.lebenshilfe-ohz.de\/leicht\/wp-json\/wp\/v2\/pages\/444\/revisions\/1120"}],"wp:attachment":[{"href":"https:\/\/www.lebenshilfe-ohz.de\/leicht\/wp-json\/wp\/v2\/media?parent=444"}],"wp:term":[{"taxonomy":"category","embeddable":true,"href":"https:\/\/www.lebenshilfe-ohz.de\/leicht\/wp-json\/wp\/v2\/categories?post=444"}],"curies":[{"name":"wp","href":"https:\/\/api.w.org\/{rel}","templated":true}]}}